{"id":90,"date":"2024-12-23T17:00:51","date_gmt":"2024-12-23T16:00:51","guid":{"rendered":"https:\/\/mateuszpakula.com\/?page_id=90"},"modified":"2025-02-12T22:23:35","modified_gmt":"2025-02-12T21:23:35","slug":"o-mnie","status":"publish","type":"page","link":"https:\/\/mateuszpakula.com\/en\/o-mnie\/","title":{"rendered":"About me"},"content":{"rendered":"<p>[et_pb_section fb_built=&#8221;1&#8243; admin_label=&#8221;Page Title Section&#8221; _builder_version=&#8221;4.27.4&#8243; use_background_color_gradient=&#8221;on&#8221; background_color_gradient_direction=&#8221;120deg&#8221; background_color_gradient_stops=&#8221;#000000 0%|rgba(0,0,0,0) 100%&#8221; background_color_gradient_overlays_image=&#8221;on&#8221; background_color_gradient_start=&#8221;#000000&#8243; background_color_gradient_end=&#8221;rgba(0,0,0,0)&#8221; background_image=&#8221;https:\/\/mateuszpakula.com\/wp\/wp-content\/uploads\/2024\/12\/Mateusz-Pakula-main-horizontal-scaled.jpg&#8221; height=&#8221;500px&#8221; custom_padding=&#8221;110px||150px||false|false&#8221; global_colors_info=&#8221;{}&#8221;][et_pb_row column_structure=&#8221;1_2,1_2&#8243; custom_padding_last_edited=&#8221;on|phone&#8221; admin_label=&#8221;Page Title Area&#8221; _builder_version=&#8221;4.27.4&#8243; background_size=&#8221;initial&#8221; background_position=&#8221;top_left&#8221; background_repeat=&#8221;repeat&#8221; module_alignment=&#8221;center&#8221; custom_padding_tablet=&#8221;&#8221; custom_padding_phone=&#8221;|||0px|false|false&#8221; global_colors_info=&#8221;{}&#8221;][et_pb_column type=&#8221;1_2&#8243; _builder_version=&#8221;4.16&#8243; custom_padding=&#8221;|||&#8221; global_colors_info=&#8221;{}&#8221; custom_padding__hover=&#8221;|||&#8221;][et_pb_text admin_label=&#8221;Title&#8221; _builder_version=&#8221;4.27.4&#8243; text_font=&#8221;||||||||&#8221; header_font_size=&#8221;60px&#8221; header_2_font=&#8221;||||||||&#8221; header_2_font_size=&#8221;60px&#8221; background_layout=&#8221;dark&#8221; custom_margin=&#8221;||20px|&#8221; custom_padding=&#8221;|||&#8221; animation_style=&#8221;fade&#8221; header_font_size_tablet=&#8221;&#8221; header_font_size_phone=&#8221;30px&#8221; header_font_size_last_edited=&#8221;on|phone&#8221; global_colors_info=&#8221;{}&#8221;]<\/p>\n<h1>Mateusz<br \/>Paku\u0142a<\/h1>\n<p>[\/et_pb_text][et_pb_text content_tablet=&#8221;<\/p>\n<p>pisarz i re\u017cyser teatralny<\/p>\n<p>&#8221; content_phone=&#8221;<\/p>\n<p>pisarz i re\u017cyser<br \/>teatralny<\/p>\n<p>&#8221; content_last_edited=&#8221;on|phone&#8221; admin_label=&#8221;Page Subtitle&#8221; _builder_version=&#8221;4.27.4&#8243; text_font=&#8221;Poppins||||||||&#8221; text_font_size=&#8221;18px&#8221; text_line_height=&#8221;1.8em&#8221; header_font=&#8221;||||||||&#8221; background_layout=&#8221;dark&#8221; animation_style=&#8221;fade&#8221; text_font_size_tablet=&#8221;18px&#8221; text_font_size_phone=&#8221;12px&#8221; text_font_size_last_edited=&#8221;on|phone&#8221; global_colors_info=&#8221;{}&#8221;]<\/p>\n<p>pisarz i re\u017cyser teatralny<\/p>\n<p>[\/et_pb_text][\/et_pb_column][et_pb_column type=&#8221;1_2&#8243; _builder_version=&#8221;4.16&#8243; custom_padding=&#8221;|||&#8221; global_colors_info=&#8221;{}&#8221; custom_padding__hover=&#8221;|||&#8221;][\/et_pb_column][\/et_pb_row][\/et_pb_section][et_pb_section fb_built=&#8221;1&#8243; admin_label=&#8221;About Us Section&#8221; _builder_version=&#8221;4.27.4&#8243; background_color=&#8221;#efe9e4&#8243; custom_padding=&#8221;50px||50px||false|false&#8221; global_colors_info=&#8221;{}&#8221;][et_pb_row admin_label=&#8221;About Us Area&#8221; _builder_version=&#8221;4.16&#8243; global_colors_info=&#8221;{}&#8221;][et_pb_column type=&#8221;4_4&#8243; _builder_version=&#8221;4.16&#8243; custom_padding=&#8221;|||&#8221; global_colors_info=&#8221;{}&#8221; custom_padding__hover=&#8221;|||&#8221;][et_pb_divider color=&#8221;gcid-primary-color&#8221; divider_position=&#8221;center&#8221; divider_weight=&#8221;3px&#8221; _builder_version=&#8221;4.27.4&#8243; max_width=&#8221;50px&#8221; module_alignment=&#8221;center&#8221; custom_margin=&#8221;|||&#8221; animation_style=&#8221;slide&#8221; animation_direction=&#8221;top&#8221; animation_intensity_slide=&#8221;10%&#8221; animation_starting_opacity=&#8221;100%&#8221; global_colors_info=&#8221;{%22gcid-primary-color%22:%91%22color%22%93}&#8221;][\/et_pb_divider][et_pb_text _builder_version=&#8221;4.27.4&#8243; text_font=&#8221;Poppins||||||||&#8221; text_font_size=&#8221;18px&#8221; text_line_height=&#8221;1.8em&#8221; text_orientation=&#8221;center&#8221; max_width=&#8221;750px&#8221; module_alignment=&#8221;center&#8221; custom_margin=&#8221;|||&#8221; custom_padding=&#8221;||0px|||&#8221; animation_style=&#8221;fade&#8221; global_colors_info=&#8221;{}&#8221;]<\/p>\n<p style=\"text-align: center;\">Urodzony w 1983 roku w Kielcach, pisarz, re\u017cyser, autor kilkudziesi\u0119ciu sztuk teatralnych, dramaturg, adaptator i tw\u00f3rca s\u0142uchowisk radiowych.<\/p>\n<p style=\"text-align: center;\">Absolwent dramaturgii na Wydziale Re\u017cyserii Dramatu Akademii Sztuk Teatralnych w Krakowie, obecnie wyk\u0142adowca AST.<\/p>\n<p style=\"text-align: center;\">Studiowa\u0142 polonistyk\u0119 (specjalno\u015b\u0107 wiedza o kulturze) na Uniwersytecie Jagiello\u0144skim oraz filozofi\u0119 na Uniwersytecie \u0141\u00f3dzkim.<\/p>\n<p>Laureat Gdy\u0144skiej Nagrody Dramaturgicznej (2014) i jej czterokrotny finalista, laureat Nagrody Literackiej im. Witolda Gombrowicza (2022) i Ol\u015bnie\u0144 Onetu (2024), nominowany do Nagrody Literackiej Gdynia (2022) i Paszportu Polityki (2023).<\/p>\n<p><span style=\"font-size: 18px;\">Jako prozaik zadebiutowa\u0142 ksi\u0105\u017ck\u0105 <\/span><em style=\"font-size: 18px;\">Jak nie zabi\u0142em swojego ojca i jak bardzo tego \u017ca\u0142uj\u0119<\/em><span style=\"font-size: 18px;\">, kt\u00f3ra zosta\u0142a uznana za jedn\u0105 z najciekawszych ksi\u0105\u017cek 2021 roku, otrzyma\u0142a Nagrod\u0119 Krakowa Miasta Literatury UNESCO, Pi\u00f3ro Roku Debiut literacki 2021 i ArtRage Award, nominowana do Odkry\u0107 Empiku, Nagrody Literackiej Gdynia i Nagrody Literackiej im. Witolda Gombrowicza (wyr\u00f3\u017cniona rezydencj\u0105 w Vence), znalaz\u0142a si\u0119 tak\u017ce w fina\u0142owej pi\u0105tce europejskiej nagrody Prix\u00a0Grand Continent. <\/span><\/p>\n<p><span style=\"font-size: 18px; background-color: #efe9e4;\">Spektakl na podstawie\u00a0<\/span><span style=\"font-size: 18px; background-color: #efe9e4;\"><em>Jak nie zabi\u0142em\u2026<\/em>,<\/span><span style=\"font-size: 18px; background-color: #efe9e4;\"> w adaptacji i re\u017cyserii Paku\u0142y, zosta\u0142 okrzykni\u0119ty najwa\u017cniejszym spektaklem ostatnich sezon\u00f3w, zdoby\u0142 do tej pory dwadzie\u015bcia pi\u0119\u0107 nagr\u00f3d &#8211; zespo\u0142owych i indywidualnych.<\/span><\/p>\n<p>[\/et_pb_text][\/et_pb_column][\/et_pb_row][\/et_pb_section][et_pb_section fb_built=&#8221;1&#8243; admin_label=&#8221;Publikacje&#8221; _builder_version=&#8221;4.27.4&#8243; background_color=&#8221;#efe9e4&#8243; background_color_gradient_direction=&#8221;0deg&#8221; custom_padding=&#8221;50px||0px||false|false&#8221; global_colors_info=&#8221;{}&#8221;][et_pb_row column_structure=&#8221;1_2,1_2&#8243; use_custom_gutter=&#8221;on&#8221; gutter_width=&#8221;0&#8243; make_equal=&#8221;on&#8221; admin_label=&#8221;Our Story Area&#8221; module_class=&#8221; et_pb_row_fullwidth&#8221; _builder_version=&#8221;4.27.4&#8243; background_color=&#8221;#1e1d1c&#8221; width=&#8221;100%&#8221; width_tablet=&#8221;100%&#8221; width_phone=&#8221;100%&#8221; width_last_edited=&#8221;on|desktop&#8221; max_width=&#8221;100%&#8221; max_width_tablet=&#8221;100%&#8221; max_width_phone=&#8221;100%&#8221; max_width_last_edited=&#8221;on|desktop&#8221; custom_padding=&#8221;0px||0px|&#8221; make_fullwidth=&#8221;on&#8221; global_colors_info=&#8221;{}&#8221;][et_pb_column type=&#8221;1_2&#8243; disabled_on=&#8221;on|on|off&#8221; _builder_version=&#8221;4.27.4&#8243; custom_padding=&#8221;|||&#8221; global_colors_info=&#8221;{}&#8221; custom_padding__hover=&#8221;|||&#8221;][et_pb_image src=&#8221;https:\/\/mateuszpakula.com\/wp\/wp-content\/uploads\/2024\/12\/Foto-Skora-po-dziadku-scaled.jpg&#8221; title_text=&#8221;Foto Sk\u00f3ra po dziadku&#8221; force_fullwidth=&#8221;on&#8221; align_tablet=&#8221;center&#8221; align_phone=&#8221;center&#8221; align_last_edited=&#8221;on|desktop&#8221; _builder_version=&#8221;4.27.4&#8243; custom_margin=&#8221;-50px||||false|false&#8221; custom_margin_tablet=&#8221;0px|||&#8221; custom_margin_phone=&#8221;&#8221; custom_margin_last_edited=&#8221;on|tablet&#8221; global_colors_info=&#8221;{}&#8221;][\/et_pb_image][\/et_pb_column][et_pb_column type=&#8221;1_2&#8243; _builder_version=&#8221;4.16&#8243; custom_padding=&#8221;5%|5%|5%|5%&#8221; global_colors_info=&#8221;{}&#8221; custom_padding__hover=&#8221;|||&#8221;][et_pb_text admin_label=&#8221;Title&#8221; _builder_version=&#8221;4.27.4&#8243; text_font=&#8221;||||||||&#8221; header_font=&#8221;||||||||&#8221; header_2_font_size=&#8221;36px&#8221; header_2_line_height=&#8221;1.2em&#8221; background_layout=&#8221;dark&#8221; max_width=&#8221;750px&#8221; animation_style=&#8221;fold&#8221; animation_direction=&#8221;left&#8221; animation_intensity_fold=&#8221;10%&#8221; animation_starting_opacity=&#8221;100%&#8221; global_colors_info=&#8221;{}&#8221;]<\/p>\n<h2>Publikacje<\/h2>\n<p>[\/et_pb_text][et_pb_divider color=&#8221;gcid-primary-color&#8221; divider_position=&#8221;center&#8221; divider_weight=&#8221;3px&#8221; _builder_version=&#8221;4.27.4&#8243; max_width=&#8221;50px&#8221; animation_style=&#8221;slide&#8221; animation_intensity_slide=&#8221;10%&#8221; animation_starting_opacity=&#8221;100%&#8221; global_colors_info=&#8221;{%22gcid-primary-color%22:%91%22color%22%93}&#8221;][\/et_pb_divider][et_pb_text _builder_version=&#8221;4.27.4&#8243; text_font=&#8221;Poppins||||||||&#8221; text_text_color=&#8221;rgba(255,255,255,0.7)&#8221; text_font_size=&#8221;18px&#8221; text_line_height=&#8221;1.8em&#8221; max_width=&#8221;750px&#8221; custom_margin=&#8221;25px|||&#8221; animation_style=&#8221;fold&#8221; animation_direction=&#8221;left&#8221; animation_intensity_fold=&#8221;10%&#8221; animation_starting_opacity=&#8221;100%&#8221; global_colors_info=&#8221;{}&#8221;]<\/p>\n<p style=\"text-align: left;\">Proza:<\/p>\n<p style=\"text-align: left;\"><em>Lucek, Ludwika i sprawa \u015awi\u0119tego Jogurta <\/em>(2025),<em style=\"font-size: 18px;\"> Sk\u00f3ra po dziadku <\/em>(2024),<em style=\"font-size: 18px;\"> Jak nie zabi\u0142em swojego ojca i jak bardzo tego \u017ca\u0142uj\u0119 <\/em><span style=\"font-size: 18px;\">(2021)<\/span><span style=\"font-size: 18px;\">.\u00a0<\/span><\/p>\n<p style=\"text-align: left;\">Dramat:<\/p>\n<p style=\"text-align: left;\">zbi\u00f3r <em>Chaos pierwszego poziomu<\/em> (2020), <em>Wieloryb The Globe<\/em> (2016), zbi\u00f3r <em>Panoptikos <\/em>(2015), dyptyk <em>Na ko\u0144cu \u0142a\u0144cucha<\/em> (2012), <em>Kowboj Par\u00f3wka i trzy inne sztuki<\/em> (2012) oraz <em>Bia\u0142y Dmuchawiec. Pi\u0119\u0107 sztuk teatralnych<\/em> (2010).<\/p>\n<p style=\"text-align: left;\">W przygotowaniu zbi\u00f3r pt. <em>Lataj\u0105cy Potw\u00f3r Spaghetti<\/em> (2025).<\/p>\n<p style=\"text-align: left;\">Sztuki Paku\u0142y t\u0142umaczono na angielski, niemiecki, czeski, hiszpa\u0144ski, w\u0119gierski i ukrai\u0144ski.\u00a0<\/p>\n<p style=\"text-align: left;\">\n<p style=\"text-align: left;\">\n<p>[\/et_pb_text][\/et_pb_column][\/et_pb_row][\/et_pb_section][et_pb_section fb_built=&#8221;1&#8243; admin_label=&#8221;Wa\u017cniejsze realizacje teatralne&#8221; _builder_version=&#8221;4.27.4&#8243; background_color=&#8221;#efe9e4&#8243; background_color_gradient_direction=&#8221;0deg&#8221; custom_padding=&#8221;0px||0px||false|false&#8221; global_colors_info=&#8221;{}&#8221;][et_pb_row use_custom_gutter=&#8221;on&#8221; gutter_width=&#8221;0&#8243; make_equal=&#8221;on&#8221; admin_label=&#8221;Our Story Area&#8221; module_class=&#8221; et_pb_row_fullwidth&#8221; _builder_version=&#8221;4.27.4&#8243; background_color=&#8221;RGBA(255,255,255,0)&#8221; width=&#8221;100%&#8221; width_tablet=&#8221;100%&#8221; width_phone=&#8221;100%&#8221; width_last_edited=&#8221;on|desktop&#8221; max_width=&#8221;100%&#8221; max_width_tablet=&#8221;100%&#8221; max_width_phone=&#8221;100%&#8221; max_width_last_edited=&#8221;on|desktop&#8221; custom_padding=&#8221;0px||0px|&#8221; make_fullwidth=&#8221;on&#8221; global_colors_info=&#8221;{}&#8221;][et_pb_column type=&#8221;4_4&#8243; _builder_version=&#8221;4.16&#8243; custom_padding=&#8221;5%|5%|5%|5%&#8221; global_colors_info=&#8221;{}&#8221; custom_padding__hover=&#8221;|||&#8221;][et_pb_text admin_label=&#8221;Title&#8221; _builder_version=&#8221;4.27.4&#8243; text_font=&#8221;||||||||&#8221; header_font=&#8221;||||||||&#8221; header_2_text_color=&#8221;#000000&#8243; header_2_font_size=&#8221;36px&#8221; header_2_line_height=&#8221;1.2em&#8221; background_layout=&#8221;dark&#8221; max_width=&#8221;750px&#8221; animation_style=&#8221;fold&#8221; animation_direction=&#8221;right&#8221; animation_intensity_fold=&#8221;10%&#8221; animation_starting_opacity=&#8221;100%&#8221; global_colors_info=&#8221;{}&#8221;]<\/p>\n<h2>Wa\u017cniejsze realizacje teatralne<\/h2>\n<p>[\/et_pb_text][et_pb_divider color=&#8221;gcid-primary-color&#8221; divider_position=&#8221;center&#8221; divider_weight=&#8221;3px&#8221; _builder_version=&#8221;4.27.4&#8243; max_width=&#8221;50px&#8221; animation_style=&#8221;slide&#8221; animation_intensity_slide=&#8221;10%&#8221; animation_starting_opacity=&#8221;100%&#8221; global_colors_info=&#8221;{%22gcid-primary-color%22:%91%22color%22%93}&#8221;][\/et_pb_divider][et_pb_text _builder_version=&#8221;4.27.4&#8243; text_font=&#8221;Poppins||||||||&#8221; text_font_size=&#8221;18px&#8221; header_text_color=&#8221;#000000&#8243; custom_margin=&#8221;25px|||&#8221; custom_padding=&#8221;0px|||||&#8221; animation_style=&#8221;fold&#8221; animation_direction=&#8221;right&#8221; animation_intensity_fold=&#8221;10%&#8221; animation_starting_opacity=&#8221;100%&#8221; custom_css_main_element=&#8221;column-count: 2&#8243; global_colors_info=&#8221;{}&#8221; custom_css_main_element_last_edited=&#8221;on|phone&#8221; custom_css_main_element_tablet=&#8221;column-count:1&#8243; custom_css_main_element_phone=&#8221;column-count:1&#8243;]<\/p>\n<ul>\n<li><em style=\"font-size: 18px;\"><strong>Lataj\u0105cy Potw\u00f3r Spaghetti<\/strong><\/em><span style=\"font-size: 18px;\"> (prapremiera &#8211; Teatr \u0141a\u017ania Nowa, re\u017c. M. Paku\u0142a, 2024);<\/span><\/li>\n<li><span style=\"font-size: 18px;\"><\/span><strong style=\"font-size: 18px;\"><em>Z\u0142ote p\u0142yty<\/em><\/strong><span style=\"font-size: 18px;\"> (prapremiera \u2013 Teatr Muzyczny Capitol we Wroc\u0142awiu, re\u017c.\u00a0M.\u00a0Paku\u0142a, 2024);<\/span><\/li>\n<li><strong><em>Jak nie zabi\u0142em swojego ojca i jak bardzo tego \u017ca\u0142uj\u0119<\/em><\/strong> (prapremiera \u2013 Teatr \u0141a\u017ania Nowa w Krakowie \/ Teatr \u017beromskiego w Kielcach, re\u017c. M. Paku\u0142a, 2023);<\/li>\n<li><strong><em>Lem vs P. K. Dick<\/em><\/strong> (prapremiera \u2013 Teatr \u0141a\u017ania Nowa w Krakowie, re\u017c. M. Paku\u0142a, 2020);<\/li>\n<li><strong><em>Chaos pierwszego poziomu<\/em><\/strong> (prapremiera \u2013 Narodowy Stary Teatr im. H. Modrzejewskiej w Krakowie, re\u017c. M. Paku\u0142a, 2020);<\/li>\n<li><strong><em>Pluton p-brane<\/em><\/strong> (prapremiera \u2013 Teatr \u0141a\u017ania Nowa w Krakowie, re\u017c. M. Paku\u0142a, 2018);<\/li>\n<li><strong><em>W ogie\u0144<\/em><\/strong><em>!<\/em> (prapremiera na Festiwalu Genius Loci w Zakopanem i w Teatrze im. J. S\u0142owackiego w Krakowie, re\u017c. W. Klemm, 2018)<\/li>\n<li><strong><em>Wieloryb the Globe<\/em><\/strong> (prapremiera \u2013 Mi\u0119dzynarodowy Festiwal Boska Komedia \/ Teatr \u0141a\u017ania Nowa w Krakowie \/ Teatr Stary w Lublinie, re\u017c. E. Rysova, 2016-2017);<\/li>\n<li><strong><em>Kowboj Par\u00f3wka<\/em><\/strong> (prapremiera \u2013 Teatr \u0141a\u017ania Nowa w Krakowie, re\u017c. W. Loga-Skarczewski, 2016; kolejne realizacje: s\u0142uchowisko \u2013 Teatr Polskiego Radia, re\u017c. M. Paku\u0142a, 2017);<\/li>\n<li><strong style=\"font-size: 18px;\"><em>Lordy: Lord Kantor \/ Lord Milord \/ Lord Herling<\/em><\/strong><span style=\"font-size: 18px;\"> (prapremiera \u2013 Teatr \u017beromskiego w Kielcach, re\u017c. E. Rysov\u00e1 \/ M. Paku\u0142a, 2015),<\/span><\/li>\n<li><strong><em>Lord Bemol<\/em><\/strong> (prapremierowy koncert \u2013 Mi\u0119dzynarodowy Festiwal Boska Komedia, muzyka: Z. Skolias i A. Skolias).<\/li>\n<li><strong><em>Lord Kantor <\/em><\/strong>(s\u0142uchowisko Radia Krak\u00f3w \u2013 prapremiera: otwarcie nowej Cricoteki, re\u017c. M. Paku\u0142a, 2014);<\/li>\n<li><strong><em>Jungle people<\/em><\/strong> (prapremiera &#8211; PWSFTviT w \u0141odzi, re\u017c. P. \u015awi\u0105tek, 2014; kolejne realizacje: Teatr Polskiego Radia, re\u017c. M. Paku\u0142a, 2018; Teatr Animacji w Poznaniu, re\u017c. M. Paku\u0142a, 2019);<\/li>\n<li><strong><em>Twardy gnat, martwy \u015bwiat<\/em><\/strong> (prapremiera \u2013 Teatr \u017beromskiego w Kielcach, re\u017c. E. Rysov\u00e1, 2014);<\/li>\n<li><strong style=\"font-size: 18px;\"><em>Smutki tropik\u00f3w<\/em><\/strong><span style=\"font-size: 18px;\"> (prapremiera \u2013 Mi\u0119dzynarodowy Festiwal Boska Komedia \/ Teatr \u0141a\u017ania Nowa w Krakowie, re\u017c. P. \u015awi\u0105tek, 2013; kolejne realizacje: Teatr Rozbrak w Bytomiu, re\u017c. K. Kostrzewa, 2016, Teatr Polski we Wroc\u0142awiu, re\u017c. K. \u0141\u0119cka, 2019);<\/span><\/li>\n<li><strong><em>M\u00f3j niepok\u00f3j ma przy sobie bro\u0144<\/em><\/strong> (prapremiera \u2013 Teatr \u017beromskiego w Kielcach, re\u017c. J. Mark, 2013; kolejne realizacje: AT wydzia\u0142 w Bia\u0142ymstoku, re\u017c. A. Biziuk, 2015, AST w Krakowie, re\u017c. W. Loga-Skarczewski, 2018);<\/li>\n<li><strong><em>Na ko\u0144cu \u0142a\u0144cucha<\/em><\/strong> (prapremiera \u2013 Teatr Osterwy w Lublinie, re\u017c E. Rysov\u00e1, 2012);<\/li>\n<li><strong><em>\u0179le ma si\u0119 kraj<\/em><\/strong> (prapremiera \u2013 Teatr Polski w Bydgoszczy, re\u017c. W. Szczawi\u0144ska, 2012);<\/li>\n<li><strong><em>Wej\u015bcie Smoka. Trailer<\/em><\/strong> (prapremiera \u2013 Teatr \u0141a\u017ania Nowa w Krakowie, re\u017c. B. Szyd\u0142owski, 2011, kolejne realizacje: Czytelnia Dramatu ACK UMCS, re\u017c. D. Adamczyk, 2012)<\/li>\n<\/ul>\n<p>[\/et_pb_text][\/et_pb_column][\/et_pb_row][et_pb_row use_custom_gutter=&#8221;on&#8221; gutter_width=&#8221;0&#8243; make_equal=&#8221;on&#8221; admin_label=&#8221;Our Story Area&#8221; module_class=&#8221; et_pb_row_fullwidth&#8221; _builder_version=&#8221;4.27.4&#8243; background_color=&#8221;RGBA(255,255,255,0)&#8221; width=&#8221;100%&#8221; width_tablet=&#8221;100%&#8221; width_phone=&#8221;100%&#8221; width_last_edited=&#8221;on|desktop&#8221; max_width=&#8221;100%&#8221; max_width_tablet=&#8221;100%&#8221; max_width_phone=&#8221;100%&#8221; max_width_last_edited=&#8221;on|desktop&#8221; custom_margin=&#8221;||||false|false&#8221; custom_padding=&#8221;0px||0px|&#8221; make_fullwidth=&#8221;on&#8221; global_colors_info=&#8221;{}&#8221;][et_pb_column type=&#8221;4_4&#8243; _builder_version=&#8221;4.27.4&#8243; custom_padding=&#8221;|5%||5%|false|false&#8221; global_colors_info=&#8221;{}&#8221; custom_padding__hover=&#8221;|||&#8221;][et_pb_text _builder_version=&#8221;4.27.4&#8243; text_font=&#8221;Poppins||||||||&#8221; text_font_size=&#8221;18px&#8221; header_text_color=&#8221;#000000&#8243; max_width=&#8221;750px&#8221; custom_margin=&#8221;50px||||false|false&#8221; animation_style=&#8221;fold&#8221; animation_direction=&#8221;left&#8221; animation_intensity_fold=&#8221;10%&#8221; animation_starting_opacity=&#8221;100%&#8221; global_colors_info=&#8221;{}&#8221;][\/et_pb_text][\/et_pb_column][\/et_pb_row][\/et_pb_section][et_pb_section fb_built=&#8221;1&#8243; admin_label=&#8221;Publikacje&#8221; _builder_version=&#8221;4.27.4&#8243; background_color=&#8221;#efe9e4&#8243; background_color_gradient_direction=&#8221;0deg&#8221; custom_padding=&#8221;0px||0px||false|false&#8221; global_colors_info=&#8221;{}&#8221;][et_pb_row column_structure=&#8221;1_2,1_2&#8243; use_custom_gutter=&#8221;on&#8221; gutter_width=&#8221;0&#8243; make_equal=&#8221;on&#8221; admin_label=&#8221;Our Story Area&#8221; module_class=&#8221; et_pb_row_fullwidth&#8221; _builder_version=&#8221;4.27.4&#8243; background_enable_color=&#8221;off&#8221; width=&#8221;100%&#8221; width_tablet=&#8221;100%&#8221; width_phone=&#8221;100%&#8221; width_last_edited=&#8221;on|desktop&#8221; max_width=&#8221;100%&#8221; max_width_tablet=&#8221;100%&#8221; max_width_phone=&#8221;100%&#8221; max_width_last_edited=&#8221;on|desktop&#8221; custom_padding=&#8221;0px||50px||false|false&#8221; make_fullwidth=&#8221;on&#8221; global_colors_info=&#8221;{}&#8221;][et_pb_column type=&#8221;1_2&#8243; _builder_version=&#8221;4.27.4&#8243; background_color=&#8221;#1e1d1c&#8221; custom_padding=&#8221;5%|5%|0px|5%|false|false&#8221; global_colors_info=&#8221;{}&#8221; custom_padding__hover=&#8221;|||&#8221;][et_pb_text admin_label=&#8221;Title&#8221; _builder_version=&#8221;4.27.4&#8243; text_font=&#8221;||||||||&#8221; header_font=&#8221;||||||||&#8221; header_2_font_size=&#8221;36px&#8221; header_2_line_height=&#8221;1.2em&#8221; background_layout=&#8221;dark&#8221; max_width=&#8221;750px&#8221; animation_style=&#8221;fold&#8221; animation_direction=&#8221;right&#8221; animation_intensity_fold=&#8221;10%&#8221; animation_starting_opacity=&#8221;100%&#8221; global_colors_info=&#8221;{}&#8221;]<\/p>\n<h2>Jako dramaturg i autor adaptacji<\/h2>\n<p>[\/et_pb_text][et_pb_divider color=&#8221;gcid-primary-color&#8221; divider_position=&#8221;center&#8221; divider_weight=&#8221;3px&#8221; _builder_version=&#8221;4.27.4&#8243; max_width=&#8221;50px&#8221; animation_style=&#8221;slide&#8221; animation_intensity_slide=&#8221;10%&#8221; animation_starting_opacity=&#8221;100%&#8221; global_colors_info=&#8221;{%22gcid-primary-color%22:%91%22color%22%93}&#8221;][\/et_pb_divider][et_pb_text _builder_version=&#8221;4.27.4&#8243; text_font=&#8221;Poppins||||||||&#8221; text_text_color=&#8221;rgba(255,255,255,0.7)&#8221; text_font_size=&#8221;18px&#8221; text_line_height=&#8221;1.8em&#8221; max_width=&#8221;750px&#8221; custom_margin=&#8221;25px|||&#8221; animation_style=&#8221;fold&#8221; animation_direction=&#8221;right&#8221; animation_intensity_fold=&#8221;10%&#8221; animation_starting_opacity=&#8221;100%&#8221; global_colors_info=&#8221;{}&#8221;]<\/p>\n<ul>\n<li><strong><em>\u015anieg<\/em><\/strong> wg Orhana Pamuka (Teatr \u0141a\u017ania Nowa w Krakowie, re\u017c. B. Szyd\u0142owski, 2021)<\/li>\n<li><strong><em>Wojna polsko-ruska pod flag\u0105 bia\u0142o-czerwon\u0105<\/em><\/strong> wg Doroty Mas\u0142owskiej (Teatr im. J. S\u0142owackiego w Krakowie, re\u017c. P. \u015awi\u0105tek, 2019)<\/li>\n<li><strong><em>Konformista 2029<\/em><\/strong> wg Alberto Moravii (Teatr \u0141a\u017ania Nowa w Krakowie, re\u017c. B. Szyd\u0142owski, 2018);<\/li>\n<li><strong><em>R\u0119kopis znaleziony w Saragossie<\/em><\/strong> wg Jana Potockiego (Teatr Kochanowskiego w Opolu, re\u017c. P. \u015awi\u0105tek, 2014);<\/li>\n<li><strong><em>Paw kr\u00f3lowej<\/em><\/strong> wg Doroty Mas\u0142owskiej (Stary Teatr w Krakowie, re\u017c. P. \u015awi\u0105tek, 2012);<\/li>\n<\/ul>\n<p>[\/et_pb_text][\/et_pb_column][et_pb_column type=&#8221;1_2&#8243; disabled_on=&#8221;on|on|off&#8221; _builder_version=&#8221;4.27.4&#8243; background_color=&#8221;#efe9e4&#8243; custom_padding=&#8221;|||&#8221; global_colors_info=&#8221;{}&#8221; custom_padding__hover=&#8221;|||&#8221;][et_pb_image src=&#8221;https:\/\/mateuszpakula.com\/wp\/wp-content\/uploads\/2025\/01\/Screenshot_20240901_234307_Instagram.jpg&#8221; title_text=&#8221;Screenshot_20240901_234307_Instagram&#8221; force_fullwidth=&#8221;on&#8221; align_tablet=&#8221;center&#8221; align_phone=&#8221;center&#8221; align_last_edited=&#8221;on|desktop&#8221; _builder_version=&#8221;4.27.4&#8243; custom_margin=&#8221;-50px||50px||false|false&#8221; custom_margin_tablet=&#8221;0px|||&#8221; custom_margin_phone=&#8221;&#8221; custom_margin_last_edited=&#8221;on|tablet&#8221; global_colors_info=&#8221;{}&#8221;][\/et_pb_image][\/et_pb_column][\/et_pb_row][\/et_pb_section][et_pb_section fb_built=&#8221;1&#8243; admin_label=&#8221;About Us Section&#8221; _builder_version=&#8221;4.27.4&#8243; background_color=&#8221;#efe9e4&#8243; custom_padding=&#8221;50px||100px||false|false&#8221; global_colors_info=&#8221;{}&#8221;][et_pb_row admin_label=&#8221;About Us Area&#8221; _builder_version=&#8221;4.16&#8243; global_colors_info=&#8221;{}&#8221;][et_pb_column type=&#8221;4_4&#8243; _builder_version=&#8221;4.16&#8243; custom_padding=&#8221;|||&#8221; global_colors_info=&#8221;{}&#8221; custom_padding__hover=&#8221;|||&#8221;][et_pb_text admin_label=&#8221;Title&#8221; _builder_version=&#8221;4.27.4&#8243; text_font=&#8221;||||||||&#8221; header_font=&#8221;||||||||&#8221; header_2_text_align=&#8221;center&#8221; header_2_font_size=&#8221;36px&#8221; header_2_line_height=&#8221;1.2em&#8221; max_width=&#8221;525px&#8221; module_alignment=&#8221;center&#8221; custom_margin=&#8221;||0px|&#8221; animation_style=&#8221;fade&#8221; global_colors_info=&#8221;{}&#8221;]<\/p>\n<h2>Nagrody<\/h2>\n<p>[\/et_pb_text][et_pb_divider color=&#8221;gcid-primary-color&#8221; divider_position=&#8221;center&#8221; divider_weight=&#8221;3px&#8221; _builder_version=&#8221;4.27.4&#8243; max_width=&#8221;50px&#8221; module_alignment=&#8221;center&#8221; custom_margin=&#8221;|||&#8221; animation_style=&#8221;slide&#8221; animation_direction=&#8221;top&#8221; animation_intensity_slide=&#8221;10%&#8221; animation_starting_opacity=&#8221;100%&#8221; global_colors_info=&#8221;{%22gcid-primary-color%22:%91%22color%22%93}&#8221;][\/et_pb_divider][et_pb_text _builder_version=&#8221;4.27.4&#8243; text_font=&#8221;Poppins||||||||&#8221; text_font_size=&#8221;17px&#8221; text_line_height=&#8221;2em&#8221; text_orientation=&#8221;center&#8221; max_width=&#8221;750px&#8221; module_alignment=&#8221;center&#8221; custom_margin=&#8221;|||&#8221; custom_padding=&#8221;||0px|||&#8221; animation_style=&#8221;fade&#8221; global_colors_info=&#8221;{}&#8221;]<\/p>\n<h2 style=\"text-align: left;\">Nagrody dla Mateusza Paku\u0142y i pozosta\u0142ych tw\u00f3rc\u00f3w spektaklu <em>Jak nie zabi\u0142em swojego ojca i jak bardzo tego \u017ca\u0142uj\u0119<\/em><\/h2>\n<h4 style=\"text-align: left;\">Nagroda Teatralna im. Stanis\u0142awa Wyspia\u0144skiego:<\/h4>\n<ul>\n<li style=\"text-align: left;\">Nagrod\u0119 g\u0142\u00f3wn\u0105 przyznano zespo\u0142owi tw\u00f3rc\u00f3w i aktor\u00f3w spektaklu \u201eJak nie zabi\u0142em swojego ojca i jak bardzo tego \u017ca\u0142uj\u0119\u201d w re\u017cyserii Mateusza Paku\u0142y (przygotowanego na podstawie jego ksi\u0105\u017cki pod tym samym tytu\u0142em). Spektakl Teatru \u0141a\u017ania Nowa powsta\u0142 w koprodukcji z Teatrem im. Stefana \u017beromskiego w Kielcach.<\/li>\n<\/ul>\n<h4 style=\"text-align: left;\">Mi\u0119dzynarodowy Festiwal Teatralny Kontakt w Toruniu:<\/h4>\n<ul>\n<li style=\"text-align: left;\">Nagroda im. Zdzis\u0142awa Maklakiewicza za najlepszy epizod aktorski dla Wojciecha Niemczyka za rol\u0119 w spektaklu \u201eJak nie zabi\u0142em swojego ojca i jak bardzo tego \u017ca\u0142uj\u0119\u201d w re\u017cyserii Mateusza Paku\u0142y.<\/li>\n<\/ul>\n<h4 style=\"text-align: left;\">Mi\u0119dzynarodowy Festiwal Sztuk Przyjemnych i Nieprzyjemnych w \u0141odzi:<\/h4>\n<ul>\n<li style=\"text-align: left;\">Tytu\u0142 Najlepszego Spektaklu \u2013 \u201eJak nie zabi\u0142em swojego ojca i jak bardzo tego \u017ca\u0142uj\u0119\u201d w adaptacji i re\u017cyserii Mateusza Paku\u0142y (koprodukcja Teatru \u0141a\u017ania Nowa i Teatru im. Stefana \u017beromskiego w Kielcach). Tytu\u0142 przyznany ex aequo.<\/li>\n<\/ul>\n<h4 style=\"text-align: left;\">Mi\u0119dzynarodowy Festiwal Teatralny Boska Komedia w Krakowie:<\/h4>\n<ul>\n<li style=\"text-align: left;\">Grand Prix \u2013 najlepsza produkcja \u2013 mi\u0119dzynarodowe jury przyzna\u0142o nagrod\u0119 spektaklowi \u201eJak nie zabi\u0142em swojego ojca i jak bardzo tego \u017ca\u0142uj\u0119\u201d, koprodukcji Teatru \u0141a\u017ania Nowa w Krakowie i Teatru im. Stefana \u017beromskiego w Kielcach. Za uczynienie z opowie\u015bci o znoju i makabrze odchodzenia, wsp\u00f3lnotowego do\u015bwiadczenia buduj\u0105cego wiar\u0119 w \u017cycie.<\/li>\n<li style=\"text-align: left;\">Najlepsza drugoplanowa rola m\u0119ska\u00a0\u2013 nagrod\u0119 otrzyma\u0142\u00a0Szymon Mys\u0142akowski\u00a0za liczne role w\u00a0spektaklu\u00a0\u201eJak nie zabi\u0142em swojego ojca i\u00a0jak bardzo tego \u017ca\u0142uj\u0119\u201d. Za dow\u00f3d wirtuozerii przejawiaj\u0105cej si\u0119 zdolno\u015bci\u0105 przeistoczenia w\u00a0wiele skrajnie r\u00f3\u017cnych postaci, za aktorstwo rozpi\u0119te mi\u0119dzy komizmem a\u00a0powag\u0105.<\/li>\n<\/ul>\n<h4 style=\"text-align: left;\">Og\u00f3lnopolski Festiwal Dramaturgii Wsp\u00f3\u0142czesnej \u201eRzeczywisto\u015b\u0107 Przedstawiona\u201d w\u00a0Zabrzu<\/h4>\n<ul>\n<li style=\"text-align: left;\">Jury przyzna\u0142o Grand Prix festiwalu autorskiemu spektaklowi Mateusza Paku\u0142y \u201eJak nie zabi\u0142em swojego ojca i jak bardzo tego \u017ca\u0142uj\u0119\u201d z Teatru im. \u017beromskiego w Kielcach i Teatru \u0141a\u017ania Nowa w Krakowie \u2013 Mateuszowi Pakule (re\u017cyser) oraz Janowi Jurkowskiemu, Szymonowi Mys\u0142akowskiemu, Wojciechowi Niemczykowi i Andrzejowi Placie za fantastyczne kreacje aktorskie.<\/li>\n<li style=\"text-align: left;\">Nagroda Publiczno\u015bci dla spektaklu \u201eJak nie zabi\u0142em swojego ojca i jak bardzo tego \u017ca\u0142uj\u0119\u201d w re\u017c. Mateusza Paku\u0142y z Teatru im. S. \u017beromskiego w Kielcach i Teatru \u0141a\u017ania Nowa w Krakowie.<\/li>\n<li style=\"text-align: left;\">Nagroda Jury M\u0142odych za spektakl\u00a0,,Jak nie zabi\u0142em swojego ojca i\u00a0jak bardzo tego \u017ca\u0142uj\u0119\u201d\u00a0za niesamowicie opowiedzian\u0105 histori\u0119 o\u00a0wra\u017cliwo\u015bci i\u00a0dopracowanie spektaklu dla re\u017cysera,\u00a0Mateusza Paku\u0142y.<\/li>\n<\/ul>\n<h4 style=\"text-align: left;\">Mi\u0119dzynarodowy Festiwal Teatralny \u201eBez Granic\u201d w\u00a0Cieszynie:<\/h4>\n<ul>\n<li style=\"text-align: left;\">Grand Prix \u2013 \u201eZ\u0142amany Szlaban\u201d \u2013 dla spektaklu \u201eJak nie zabi\u0142em swojego ojca i jak bardzo tego \u017ca\u0142uj\u0119\u201d w re\u017cyserii Mateusza Paku\u0142y<\/li>\n<\/ul>\n<h4 style=\"text-align: left;\">Og\u00f3lnopolski Konkurs na Wystawienie Polskiej Sztuki Wsp\u00f3\u0142czesnej:<\/h4>\n<ul>\n<li style=\"text-align: left;\">Grand Prix dla spektaklu \u201eJak nie zabi\u0142em swojego ojca i jak bardzo tego \u017ca\u0142uj\u0119\u201d w re\u017cyserii Mateusza Paku\u0142y. Nagrody indywidualne dla tw\u00f3rc\u00f3w spektaklu:<\/li>\n<li style=\"text-align: left;\">Mateusz Paku\u0142a\u00a0\u2013 nagroda za tekst;<\/li>\n<li style=\"text-align: left;\">Wojciech Niemczyk\u00a0\u2013 nagroda aktorska;<\/li>\n<li style=\"text-align: left;\">Paulina G\u00f3ral\u00a0\u2013 nagroda za re\u017cyseri\u0119 \u015bwiat\u0142a;<\/li>\n<li style=\"text-align: left;\">Szymon Mys\u0142akowski\u00a0\u2013 nagroda aktorska im. Jana \u015awiderskiego.<\/li>\n<\/ul>\n<h4 style=\"text-align: left;\">Kaliskie Spotkania Teatralne:<\/h4>\n<ul>\n<li style=\"text-align: left;\">Nagroda publiczno\u015bci\u00a0dla Naj-Bogus\u0142awskiego Spektaklu 63. Kaliskich Spotka\u0144 Teatralnych \u2013 Festiwalu Sztuki Aktorskiej dla spektaklu\u00a0\u201eJak nie zabi\u0142em swojego ojca i\u00a0jak bardzo tego \u017ca\u0142uj\u0119\u201d, w\u00a0re\u017cyserii Mateusza Paku\u0142y.<\/li>\n<li style=\"text-align: left;\">Nagroda Dziennikarzy\u00a063. Kaliskich Spotka\u0144 Teatralnych dla\u00a0Andrzeja Platy\u00a0w\u00a0spektaklu\u00a0\u201eJak nie zabi\u0142em swojego ojca i\u00a0jak bardzo tego \u017ca\u0142uj\u0119\u201d\u00a0w\u00a0re\u017cyserii Mateusza Paku\u0142y.<\/li>\n<li style=\"text-align: left;\">Nagroda Specjalna\u00a0dla zespo\u0142u aktorskiego w\u00a0sk\u0142adzie\u00a0Andrzej Plata, Wojciech Niemczyk, Jan Jurkowski, Szymon Mys\u0142akowski i\u00a0Marcin Paku\u0142a\u00a0za role w\u00a0spektaklu\u00a0\u201eJak nie zabi\u0142em swojego ojca i\u00a0jak bardzo tego \u017ca\u0142uj\u0119\u201d\u00a0w\u00a0re\u017cyserii Mateusza Paku\u0142y<\/li>\n<\/ul>\n<h4 style=\"text-align: left;\">Marka Radia Krak\u00f3w\u00a0dla spektaklu\u00a0\u201eJak nie zabi\u0142em swojego ojca i\u00a0jak bardzo tego \u017ca\u0142uj\u0119\u201d\u00a0w re\u017cyserii\u00a0Mateusza Paku\u0142y.<\/h4>\n<h4 style=\"text-align: left;\">Nagroda za najlepszy spektakl 31. Plebiscytu Publiczno\u015bci o \u201eDzik\u0105 R\u00f3\u017c\u0119\u201d<\/h4>\n<h4 style=\"text-align: left;\">Nagroda Dziennikarzy dla najlepszego aktora \u2013 Andrzeja Platy<\/h4>\n<h4 style=\"text-align: left;\">Nagroda Stowarzyszenia im. Jana Karskiego \u201eSztuka i wsp\u00f3\u0142czucie\u201d dla Mateusza Paku\u0142y<\/h4>\n<h4 style=\"text-align: left;\"><b>Nominacja do Paszport\u00f3w Polityki<\/b><\/h4>\n<h4 style=\"text-align: left;\"><b>O!L\u015bnienia 2024:<\/b> Nagroda Kulturalna Onetu i Miasta Krakowa<\/h4>\n<ul>\n<li style=\"text-align: left;\">Mateusz Paku\u0142a za spektakl \u201eJak nie zabi\u0142em swojego ojca i jak bardzo tego \u017ca\u0142uj\u0119\u201d. W uzasadnieniu zaznaczono: \u201eZa autobiograficzny spektakl o prawie do godnego umierania odzieraj\u0105cy \u015bmier\u0107 z fa\u0142szywych upi\u0119ksze\u0144 i stwarzaj\u0105cy przestrze\u0144 dla zag\u0142uszanych m\u0119skich emocji\u201d.<\/li>\n<\/ul>\n<p>&nbsp;<\/p>\n<h2 style=\"text-align: left;\">Nagrody indywidualne, wyr\u00f3\u017cnienia i stypendia<\/h2>\n<p>&nbsp;<\/p>\n<ul>\n<li style=\"text-align: left;\">\n<h4>Nagroda Miasta Kielce &#8211; Nagroda<span> I stopnia <\/span><span>za ksi\u0105\u017ck\u0119 \u201eJak nie zabi\u0142em swojego ojca i jak bardzo tego \u017ca\u0142uj\u0119\u201d i spektakl na jej podstawie;<\/span><\/h4>\n<\/li>\n<li style=\"text-align: left;\">\n<h4>Nominowany do Paszport\u00f3w Polityki 2024 w kategorii Teatr.<\/h4>\n<\/li>\n<li style=\"text-align: left;\">\n<h4>Laureat Ol\u015bnie\u0144 Onetu 2024 w kategorii Teatr.<\/h4>\n<\/li>\n<li style=\"text-align: left;\">\n<h4>Laureat Gdy\u0144skiej Nagrody Dramaturgicznej (7. Konkurs o Gdy\u0144sk\u0105 Nagrod\u0119 Dramaturgiczn\u0105 \u2013 za tekst <em>Smutki tropik\u00f3w<\/em>) oraz pi\u0119ciokrotny finalista tego Konkursu.<\/h4>\n<\/li>\n<li style=\"text-align: left;\">\n<h4>Wielokrotny finalista Og\u00f3lnopolskiego Konkursu na Wystawienie Polskiej Sztuki Wsp\u00f3\u0142czesnej i trzykrotny laureat:<\/h4>\n<\/li>\n<ul>\n<li style=\"text-align: left;\">\n29. edycji tego Konkursu (Grand Prix, nagroda za tekst)<\/li>\n<li style=\"text-align: left;\">27. edycji tego Konkursu (nagroda indywidualna za tekst <em>Stanis\u0142aw Lem vs Philip K. Dick<\/em> oraz zespo\u0142owa za realizacj\u0119 \u2013 re\u017cyseria, scenografia, \u015bwiat\u0142o, muzyka \u2013 spektaklu na podstawie tego tekstu);<\/li>\n<li style=\"text-align: left;\">oraz 19. edycji tego Konkursu (wyr\u00f3\u017cnienie indywidualne za tekst <em>M\u00f3j niepok\u00f3j ma przy sobie bro\u0144<\/em>).<\/li>\n<\/ul>\n<li style=\"text-align: left;\">\n<h4>Laureat Nagrody Specjalnej miesi\u0119cznika Teatr (nagroda zespo\u0142owa dla realizator\u00f3w) \u2013 za spektakl <em>Wieloryb the Globe<\/em> \u2013 \u201eo unikatowej warto\u015bci artystycznej i humanistycznej\u201d.<\/h4>\n<\/li>\n<li style=\"text-align: left;\">\n<h4>Laureat nagrody Don Kichot za debiut re\u017cyserski w Teatrze Polskiego Radia.<\/h4>\n<\/li>\n<\/li>\n<li style=\"text-align: left;\">\n<h4>Finalista \u201eTalent\u00f3w Tr\u00f3jki\u201d 2013.<\/h4>\n<\/li>\n<li style=\"text-align: left;\">\n<h4>Nominowany do nagrody TVP Kultura \u201eGwarancje Kultury\u201d za najbardziej obiecuj\u0105cy debiut 2010 roku (za zbi\u00f3r <em>Bia\u0142y Dmuchawiec. Pi\u0119\u0107 sztuk teatralnych<\/em>).<\/h4>\n<\/li>\n<li style=\"text-align: left;\">\n<h4>Stypendysta Ministra Kultury (Stypendium \u201eM\u0142oda Polska\u201d 2014) oraz Miasta Krakowa (Stypendium Artystyczne 2010 i 2023 w kategorii literatura).<\/h4>\n<\/li>\n<\/ul>\n<p>[\/et_pb_text][\/et_pb_column][\/et_pb_row][\/et_pb_section][et_pb_section fb_built=&#8221;1&#8243; admin_label=&#8221;Video Section&#8221; _builder_version=&#8221;4.16&#8243; custom_padding=&#8221;0px||0px|&#8221; global_colors_info=&#8221;{}&#8221;][et_pb_row use_custom_gutter=&#8221;on&#8221; gutter_width=&#8221;0&#8243; admin_label=&#8221;Video Area&#8221; module_class=&#8221; et_pb_row_fullwidth&#8221; _builder_version=&#8221;4.16&#8243; width=&#8221;100%&#8221; width_tablet=&#8221;100%&#8221; width_phone=&#8221;100%&#8221; width_last_edited=&#8221;on|desktop&#8221; max_width=&#8221;100%&#8221; max_width_tablet=&#8221;100%&#8221; max_width_phone=&#8221;100%&#8221; max_width_last_edited=&#8221;on|desktop&#8221; custom_padding=&#8221;0px||0px|&#8221; make_fullwidth=&#8221;on&#8221; global_colors_info=&#8221;{}&#8221;][et_pb_column type=&#8221;4_4&#8243; _builder_version=&#8221;4.16&#8243; custom_padding=&#8221;|||&#8221; global_colors_info=&#8221;{}&#8221; custom_padding__hover=&#8221;|||&#8221;][et_pb_video src=&#8221;https:\/\/youtu.be\/9-WK5pUOfog?si=_5y7Fay3h2I4_Mhf&#8221; image_src=&#8221;\/\/i.ytimg.com\/vi\/gwYCcpVFIwo\/hqdefault.jpg&#8221; _builder_version=&#8221;4.27.4&#8243; custom_padding=&#8221;|||&#8221; global_colors_info=&#8221;{}&#8221;][\/et_pb_video][\/et_pb_column][\/et_pb_row][\/et_pb_section]<\/p>\n","protected":false},"excerpt":{"rendered":"<p>Mateusz Paku\u0142a \u2013 urodzony w 1983 roku w Kielcach, pisarz, re\u017cyser, autor kilkudziesi\u0119ciu sztuk teatralnych, dramaturg, adaptator i tw\u00f3rca s\u0142uchowisk radiowych.<\/p>","protected":false},"author":1,"featured_media":0,"parent":0,"menu_order":0,"comment_status":"closed","ping_status":"closed","template":"","meta":{"_et_pb_use_builder":"on","_et_pb_old_content":"","_et_gb_content_width":"","footnotes":""},"class_list":["post-90","page","type-page","status-publish","hentry"],"aioseo_notices":[],"_links":{"self":[{"href":"https:\/\/mateuszpakula.com\/en\/wp-json\/wp\/v2\/pages\/90","targetHints":{"allow":["GET"]}}],"collection":[{"href":"https:\/\/mateuszpakula.com\/en\/wp-json\/wp\/v2\/pages"}],"about":[{"href":"https:\/\/mateuszpakula.com\/en\/wp-json\/wp\/v2\/types\/page"}],"author":[{"embeddable":true,"href":"https:\/\/mateuszpakula.com\/en\/wp-json\/wp\/v2\/users\/1"}],"replies":[{"embeddable":true,"href":"https:\/\/mateuszpakula.com\/en\/wp-json\/wp\/v2\/comments?post=90"}],"version-history":[{"count":78,"href":"https:\/\/mateuszpakula.com\/en\/wp-json\/wp\/v2\/pages\/90\/revisions"}],"predecessor-version":[{"id":827,"href":"https:\/\/mateuszpakula.com\/en\/wp-json\/wp\/v2\/pages\/90\/revisions\/827"}],"wp:attachment":[{"href":"https:\/\/mateuszpakula.com\/en\/wp-json\/wp\/v2\/media?parent=90"}],"curies":[{"name":"wp","href":"https:\/\/api.w.org\/{rel}","templated":true}]}}